{"id":12956,"date":"2015-12-08T13:32:00","date_gmt":"2015-12-08T12:32:00","guid":{"rendered":"http:\/\/elektrosystemy.pl\/?page_id=12956"},"modified":"2017-01-10T11:35:36","modified_gmt":"2017-01-10T10:35:36","slug":"kalendarium-wydarzen","status":"publish","type":"page","link":"https:\/\/elektrosystemy.pl\/?page_id=12956","title":{"rendered":"Kalendarz wydarze\u0144"},"content":{"rendered":"<p><strong>Poni\u017cej przedstawiamy zestawienie najwa\u017cniejszych wydarze\u0144 zwi\u0105zanych z bran\u017c\u0105 elek\u00adtro\u00adtech\u00adniczn\u0105, kt\u00f3re odb\u0119d\u0105 si\u0119 w ci\u0105gu najbli\u017cszych miesi\u0119cy.<\/strong><\/p>\n<p><span style=\"text-decoration: underline; font-size: 14pt; color: #3366ff;\"><strong>Wydarzenia Krajowe<\/strong><\/span><\/p>\n\n<table id=\"tablepress-5\" class=\"tablepress tablepress-id-5 tablepress-responsive tablepress-responsive-desktop\">\n<thead>\n<tr class=\"row-1 odd\">\n\t<th class=\"column-1\">Wydarzenie<\/th><th class=\"column-2\">Nazwa<\/th><th class=\"column-3\">Miasto<\/th><th class=\"column-4\">\u0179r\u00f3d\u0142o<\/th><th class=\"column-5\">Termin<\/th>\n<\/tr>\n<\/thead>\n<tbody class=\"row-hover\">\n<tr class=\"row-2 even\">\n\t<td class=\"column-1\"><strong>Kongres<strong><\/td><td class=\"column-2\"> XVII edycja Og\u00f3lnopolskiego Kongresu Energetyczno-Ciep\u0142owniczego Powerpol<\/td><td class=\"column-3\">Warszawa<\/td><td class=\"column-4\"> <a href=\"http:\/\/www.powerpol.pl\" target=\"_blank\">www.powerpol.pl<\/a><\/td><td class=\"column-5\"><strong>11-12 stycznia 2017<strong><\/td>\n<\/tr>\n<tr class=\"row-3 odd\">\n\t<td class=\"column-1\"><strong>Kongres<strong><\/td><td class=\"column-2\">I Kongres polskich producent\u00f3w pojazd\u00f3w elektrycznych i infrastruktury energetycznej do ich \u0142adowania <\/td><td class=\"column-3\">Warszawa<\/td><td class=\"column-4\"><a href=\"http:\/\/www.cire.pl\" target=\"_blank\">www.cire.pl<\/a><\/td><td class=\"column-5\"><strong> 19 stycze\u0144 2017<strong><\/td>\n<\/tr>\n<tr class=\"row-4 even\">\n\t<td class=\"column-1\"><strong>Konferencja<strong><\/td><td class=\"column-2\">Konferencja InfraSEC <\/td><td class=\"column-3\">Warszawa<\/td><td class=\"column-4\"><a href=\"http:\/\/www.evention.pl\" target=\"_blank\">www.evention.pl<\/a><\/td><td class=\"column-5\"><strong>24 stycznia 2017<strong><\/td>\n<\/tr>\n<tr class=\"row-5 odd\">\n\t<td class=\"column-1\"><strong>Seminarium<strong><\/td><td class=\"column-2\">Nowa ustawa o efektywno\u015bci energetycznej<\/td><td class=\"column-3\">Warszawa<\/td><td class=\"column-4\"><a href=\"http:\/\/www.cbepolska.pl\" target=\"_blank\">www.cbepolska.pl<\/a><\/td><td class=\"column-5\"><strong>26 stycznia 2017 <strong><\/td>\n<\/tr>\n<tr class=\"row-6 even\">\n\t<td class=\"column-1\"><strong>Seminarium<strong><\/td><td class=\"column-2\">Badania termowizyjne w energetyce, przemy\u015ble, budownictwie<\/td><td class=\"column-3\">\u0141\u00f3d\u017a<\/td><td class=\"column-4\"><a href=\"http:\/\/www.fluke.pl\" target=\"_blank\">www.fluke.pl<\/a><\/td><td class=\"column-5\"><strong>14 lutego 2017 <strong><\/td>\n<\/tr>\n<tr class=\"row-7 odd\">\n\t<td class=\"column-1\"><strong>Szkolenie<strong><\/td><td class=\"column-2\">Akademia AKPiA \u2013 Szkolenie z tematyki przep\u0142ywomierzy, miernik\u00f3w poziomu, ci\u015bnienia, wilgotno\u015bci, parametr\u00f3w cieczy i innych czujnik\u00f3w<\/td><td class=\"column-3\">Katowice<\/td><td class=\"column-4\"><a href=\"http:\/\/www.introl.pl\" target=\"_blank\">www.introl.pl<\/a><\/td><td class=\"column-5\"><strong>15-17 lutego 2017 <strong><\/td>\n<\/tr>\n<tr class=\"row-8 even\">\n\t<td class=\"column-1\"><strong>Konferencja<strong><\/td><td class=\"column-2\">XI Konferencja \u2013 Zarz\u0105dzanie energi\u0105 i teleinformatyka ZET 2017<\/td><td class=\"column-3\">Na\u0142\u0119cz\u00f3w<\/td><td class=\"column-4\"><a href=\"http:\/\/www.kaprint.pl\" target=\"_blank\">www.kaprint.pl<\/a><\/td><td class=\"column-5\"><strong>20-22 lutego 2017 <strong><\/td>\n<\/tr>\n<tr class=\"row-9 odd\">\n\t<td class=\"column-1\"><strong>Forum<strong><\/td><td class=\"column-2\">Forum Efektywno\u015bci Energetycznej infoENERGIA <\/td><td class=\"column-3\">Katowice<\/td><td class=\"column-4\"><a href=\"http:\/\/www.cire.pl\" target=\"_blank\">www.cire.pl<\/a><\/td><td class=\"column-5\"><strong>23-24 lutego  2017 <strong><\/td>\n<\/tr>\n<tr class=\"row-10 even\">\n\t<td class=\"column-1\"><strong>Seminarium<strong><\/td><td class=\"column-2\">Wirtualne Elektrownie, Magazyny Energii i Sp\u00f3\u0142dzielnie Energetyczne<\/td><td class=\"column-3\">Cz\u0119stochowa<\/td><td class=\"column-4\"><a href=\"http:\/\/www.cbepolska.pl\" target=\"_blank\">www.cbepolska.pl<\/a><\/td><td class=\"column-5\"><strong>28 lutego 2017 <strong><\/td>\n<\/tr>\n<tr class=\"row-11 odd\">\n\t<td class=\"column-1\"><strong>Targi<strong><\/td><td class=\"column-2\">XX Mi\u0119dzynarodowe Targi Energetyki i Elektrotechniki ENEX<\/td><td class=\"column-3\">Kielce<\/td><td class=\"column-4\"><a href=\"http:\/\/www.targikielce.pl\" target=\"_blank\">www.targikielce.pl<\/a><\/td><td class=\"column-5\"><strong>1-2 marca 2017 <strong><\/td>\n<\/tr>\n<tr class=\"row-12 even\">\n\t<td class=\"column-1\"><strong>Targi<strong><\/td><td class=\"column-2\">XV Targi Odnawialnych \u0179r\u00f3de\u0142 Energii<\/td><td class=\"column-3\">Kielce<\/td><td class=\"column-4\"><a href=\"http:\/\/www.targikielce.pl\" target=\"_blank\">www.targikielce.pl<\/a><\/td><td class=\"column-5\"><strong>1-2 marca  2017 <strong><\/td>\n<\/tr>\n<\/tbody>\n<\/table>\n<!-- #tablepress-5 from cache -->\n<p><span style=\"text-decoration: underline; color: #339966; font-size: 14pt;\"><strong>Wydarzenia Zagraniczne<\/strong><\/span><\/p>\n\n<table id=\"tablepress-6\" class=\"tablepress tablepress-id-6 tablepress-responsive tablepress-responsive-desktop\">\n<thead>\n<tr class=\"row-1 odd\">\n\t<th class=\"column-1\">Wydarzenie<\/th><th class=\"column-2\">Nazwa<\/th><th class=\"column-3\">Miasto<\/th><th class=\"column-4\">Pa\u0144stwo<\/th><th class=\"column-5\">\u0179r\u00f3d\u0142o<\/th><th class=\"column-6\">Termin<\/th>\n<\/tr>\n<\/thead>\n<tbody class=\"row-hover\">\n<tr class=\"row-2 even\">\n\t<td class=\"column-1\"><strong>Targi<strong><\/td><td class=\"column-2\">Energy-supplies. Industry equipment 2017 <\/td><td class=\"column-3\">Kaliningrad<\/td><td class=\"column-4\">Rosja<\/td><td class=\"column-5\"><a href=\"http:\/\/www.exporu.all.biz\" target=\"_blank\">www.exporu.all.biz<\/a><\/td><td class=\"column-6\"><strong>12-14 lutego 2017 <strong><\/td>\n<\/tr>\n<tr class=\"row-3 odd\">\n\t<td class=\"column-1\"><strong>Targi<strong><\/td><td class=\"column-2\">Elektrotechnika 2017 <br \/>\n\u2013 Mi\u0119dzynarodowe Targi  Specjalistyczne <\/td><td class=\"column-3\">Dortmund<\/td><td class=\"column-4\">Niemcy<\/td><td class=\"column-5\"><a href=\"http:\/\/www.messe-elektrotechnik.de\" target=\"_blank\">www.messe-elektrotechnik.de<\/a><\/td><td class=\"column-6\"><strong>15-17 lutego 2017 <strong><\/td>\n<\/tr>\n<tr class=\"row-4 even\">\n\t<td class=\"column-1\"><strong>Targi<strong><\/td><td class=\"column-2\">Bauen &amp; Energie 2017 \u2013 Mi\u0119dzynarodowe Targi Budownictwa i technologii Energooszcz\u0119dnych<\/td><td class=\"column-3\">Wiede\u0144<\/td><td class=\"column-4\">Austria<\/td><td class=\"column-5\"><a href=\"http:\/\/www.bauen-energie.at\" target=\"_blank\">www.bauen-energie.at<\/a><\/td><td class=\"column-6\"><strong>16-19 lutego 2017 <strong><\/td>\n<\/tr>\n<tr class=\"row-5 odd\">\n\t<td class=\"column-1\"><strong>Targi<strong><\/td><td class=\"column-2\">Cabex 2017 \u2013 16th International Exhibition for Cables, Wires, Fastening Hardware and Installation Technologies<\/td><td class=\"column-3\">Moskwa<\/td><td class=\"column-4\">Rosja<\/td><td class=\"column-5\"><a href=\"http:\/\/www.cabex.ru\" target=\"_blank\">www.cabex.ru<\/a><\/td><td class=\"column-6\"><strong>21-23 marca 2017 <strong><\/td>\n<\/tr>\n<\/tbody>\n<\/table>\n<!-- #tablepress-6 from cache -->\n","protected":false},"excerpt":{"rendered":"<p>Poni\u017cej przedstawiamy zestawienie najwa\u017cniejszych wydarze\u0144 zwi\u0105zanych z bran\u017c\u0105 elek\u00adtro\u00adtech\u00adniczn\u0105, kt\u00f3re odb\u0119d\u0105 si\u0119 w ci\u0105gu najbli\u017cszych miesi\u0119cy. Wydarzenia Krajowe Wydarzenia Zagraniczne&hellip;<\/p>\n","protected":false},"author":2,"featured_media":0,"parent":0,"menu_order":0,"comment_status":"closed","ping_status":"closed","template":"","meta":[],"_links":{"self":[{"href":"https:\/\/elektrosystemy.pl\/index.php?rest_route=\/wp\/v2\/pages\/12956"}],"collection":[{"href":"https:\/\/elektrosystemy.pl\/index.php?rest_route=\/wp\/v2\/pages"}],"about":[{"href":"https:\/\/elektrosystemy.pl\/index.php?rest_route=\/wp\/v2\/types\/page"}],"author":[{"embeddable":true,"href":"https:\/\/elektrosystemy.pl\/index.php?rest_route=\/wp\/v2\/users\/2"}],"replies":[{"embeddable":true,"href":"https:\/\/elektrosystemy.pl\/index.php?rest_route=%2Fwp%2Fv2%2Fcomments&post=12956"}],"version-history":[{"count":12,"href":"https:\/\/elektrosystemy.pl\/index.php?rest_route=\/wp\/v2\/pages\/12956\/revisions"}],"predecessor-version":[{"id":21567,"href":"https:\/\/elektrosystemy.pl\/index.php?rest_route=\/wp\/v2\/pages\/12956\/revisions\/21567"}],"wp:attachment":[{"href":"https:\/\/elektrosystemy.pl\/index.php?rest_route=%2Fwp%2Fv2%2Fmedia&parent=12956"}],"curies":[{"name":"wp","href":"https:\/\/api.w.org\/{rel}","templated":true}]}}