{"id":16653,"date":"2016-03-31T09:32:21","date_gmt":"2016-03-31T07:32:21","guid":{"rendered":"http:\/\/elektrosystemy.pl\/?page_id=16653"},"modified":"2016-05-05T07:47:09","modified_gmt":"2016-05-05T05:47:09","slug":"marzec-2016","status":"publish","type":"page","link":"https:\/\/elektrosystemy.pl\/?page_id=16653","title":{"rendered":"MARZEC 2016"},"content":{"rendered":"<p><span style=\"font-size: 12pt;\"><a href=\"http:\/\/elektrosystemy.pl\/wp-content\/uploads\/2016\/02\/25\/marzec-2016\/Spis_tr_ES_03_2016.jpg\"><img loading=\"lazy\" class=\"alignnone wp-image-16103 size-full\" src=\"http:\/\/elektrosystemy.pl\/wp-content\/uploads\/2016\/02\/25\/marzec-2016\/Spis_tr_ES_03_2016.jpg\" alt=\"\" width=\"2457\" height=\"1769\" srcset=\"https:\/\/elektrosystemy.pl\/wp-content\/uploads\/2016\/02\/25\/marzec-2016\/Spis_tr_ES_03_2016.jpg 2457w, https:\/\/elektrosystemy.pl\/wp-content\/uploads\/2016\/02\/25\/marzec-2016\/Spis_tr_ES_03_2016-600x432.jpg 600w, https:\/\/elektrosystemy.pl\/wp-content\/uploads\/2016\/02\/25\/marzec-2016\/Spis_tr_ES_03_2016-300x216.jpg 300w, https:\/\/elektrosystemy.pl\/wp-content\/uploads\/2016\/02\/25\/marzec-2016\/Spis_tr_ES_03_2016-1024x737.jpg 1024w\" sizes=\"(max-width: 2457px) 100vw, 2457px\" \/><\/a><\/span><\/p>\n<p><span style=\"font-size: 12pt;\"><a href=\"http:\/\/elektrosystemy.pl\/wp-content\/uploads\/uncategorized\/2016\/02\/25\/w-polsce-przybylo-941-mw-mocy-w-oze\/ES_03_2016.jpg\"><img loading=\"lazy\" class=\"wp-image-16031 size-medium alignleft\" src=\"http:\/\/elektrosystemy.pl\/wp-content\/uploads\/uncategorized\/2016\/02\/25\/w-polsce-przybylo-941-mw-mocy-w-oze\/ES_03_2016-209x300.jpg\" alt=\"\" width=\"209\" height=\"300\" srcset=\"https:\/\/elektrosystemy.pl\/wp-content\/uploads\/uncategorized\/2016\/02\/25\/w-polsce-przybylo-941-mw-mocy-w-oze\/ES_03_2016-209x300.jpg 209w, https:\/\/elektrosystemy.pl\/wp-content\/uploads\/uncategorized\/2016\/02\/25\/w-polsce-przybylo-941-mw-mocy-w-oze\/ES_03_2016-600x861.jpg 600w, https:\/\/elektrosystemy.pl\/wp-content\/uploads\/uncategorized\/2016\/02\/25\/w-polsce-przybylo-941-mw-mocy-w-oze\/ES_03_2016.jpg 700w\" sizes=\"(max-width: 209px) 100vw, 209px\" \/><\/a><span style=\"color: #ffffff; background-color: #ff0000;\"><strong>\u00a0AKTUALNO\u015aCI <\/strong><\/span><\/span><br \/>\n<span style=\"font-size: 12pt;\"> <b>20<\/b>\u00a0<strong>Indeks koniunktury ELEKTROSYSTEM\u00d3W<\/strong><\/span><br \/>\n<span style=\"font-size: 12pt;\"> Koniunktura w bran\u017cy ostro zanurkowa\u0142a<\/span><br \/>\n<span style=\"font-size: 12pt;\"> <b>22<\/b>\u00a0<strong>Gie\u0142dowy Indeks ELEKTROSYSTEM\u00d3W<\/strong><\/span><br \/>\n<span style=\"font-size: 12pt;\"> Mocne spadki bran\u017cy na gie\u0142dzie<\/span><br \/>\n<span style=\"font-size: 12pt;\"><strong> 24<\/strong>\u00a0Produkcja wybranych artyku\u0142\u00f3w<\/span><br \/>\n<span style=\"font-size: 12pt;\"> elektrotechnicznych \u2013 XII 2015<\/span><br \/>\n<span style=\"font-size: 12pt;\"><strong> 26<\/strong> W Polsce przyby\u0142o 941 MW mocy w OZE<\/span><br \/>\n<span style=\"font-size: 12pt;\"><strong> 27<\/strong> GE prezentuje koncepcj\u0119 elektrowni przysz\u0142o\u015bci<\/span><br \/>\n<span style=\"font-size: 12pt;\"><strong> 28<\/strong> Apator liczy na istotn\u0105 popraw\u0119 w 2016 roku<\/span><br \/>\n<span style=\"font-size: 12pt;\"><strong> 29<\/strong> Ruszy\u0142a IX edycja konkursu Elektryzuj\u0105ca Pasja<\/span><br \/>\n<span style=\"font-size: 12pt;\"><strong> 30<\/strong> Apanet zako\u0144czy\u0142 2015 rok rekordowym zyskiem netto\u00a0<\/span><br \/>\n<span style=\"font-size: 12pt;\"><strong> 30<\/strong> Elektromont zanotowa\u0142 najwy\u017cszy poziom sprzeda\u017cy<\/span><br \/>\n<span style=\"font-size: 12pt;\"><strong> 31<\/strong> ZPUE dostarczy roz\u0142\u0105czniki dla Tauronu<\/span><br \/>\n<span style=\"font-size: 12pt;\"><strong> 31<\/strong> Tauron Dystrybucja planuje szereg inwestycji\u00a0<\/span><br \/>\n<span style=\"font-size: 12pt;\"><strong> 32<\/strong> Rexel wzmacnia pozycj\u0119 na rynku automatyki w USA<\/span><br \/>\n<span style=\"font-size: 12pt;\"><strong> 32<\/strong> PGE zako\u0144czy\u0142o 2015 rok strat\u0105 w wysoko\u015bci 3 mld z\u0142<\/span><br \/>\n<span style=\"font-size: 12pt;\"><strong> 33<\/strong> Zysk netto Grodna ro\u015bnie szybciej ni\u017c przychody<\/span><br \/>\n<span style=\"font-size: 12pt;\"><strong> 33<\/strong> Eltel zdobywa w Polsce kontrakty za 25 mln euro<\/span><br \/>\n<span style=\"font-size: 12pt;\"><strong> 34<\/strong> RWE Polska stawia na fotowoltaik\u0119<\/span><br \/>\n<span style=\"font-size: 12pt;\"><strong> 34<\/strong> Imtech rozwija wsp\u00f3\u0142prac\u0119 z VW Polska<\/span><br \/>\n<span style=\"font-size: 12pt;\"><strong> 3<\/strong>5 Sonel planuje akwizycj\u0119 w USA<\/span><br \/>\n<span style=\"font-size: 12pt;\"><strong> 35<\/strong> Luxima chce wyj\u015b\u0107 na prost\u0105<\/span><br \/>\n<span style=\"font-size: 12pt;\"><strong> 36<\/strong> W Europie w 2015 roku przy\u0142\u0105czono 8 GW mocy PV<br \/>\n<strong>36<\/strong> Blok energetyczny Siemensa ustanawia nowe rekordy<\/span><\/p>\n<p><span style=\"font-size: 12pt;\"> <strong><span style=\"color: #ffffff; background-color: #45aec5;\">\u00a0AUTOMATYKA\u00a0<\/span><br \/>\n<\/strong><b>38<\/b> Obs\u0142uga gest\u00f3w w panelach XV300 firmy Eaton<\/span><br \/>\n<span style=\"font-size: 12pt;\"> <b>40<\/b> Przeka\u017aniki czasowe Relpol w obudowach instalacyjnych<\/span><br \/>\n<span style=\"font-size: 12pt;\"> <b>42<\/b>\u00a0System u-remote I\/O firmy Weidm\u00fcller<\/span><br \/>\n<span style=\"font-size: 12pt;\"> <b>45<\/b> Komputery Designline w technologii wielodotykowej<\/span><br \/>\n<span style=\"font-size: 12pt;\"> <b>48<\/b> Aparatura pulpitowa i steruj\u0105ca firmy Noark Electric<\/span><br \/>\n<span style=\"font-size: 12pt;\"> <b>52<\/b> Sterownik Vision V700-T20BJ firmy Unitronics<\/span><br \/>\n<span style=\"font-size: 12pt;\"> <b>54<\/b> Elektromechaniczne urz\u0105dzenia rygluj\u0105ce os\u0142on\u0119 \u2013 rozwi\u0105zania Euchner<\/span><\/p>\n<p><span style=\"font-size: 12pt;\"><strong style=\"font-size: 12pt;\"><span style=\"background-color: #00a2a4;\"><strong>\u00a0<span style=\"color: #ffffff;\">OSPRZ\u0118T INSTALACYJNY\u00a0<\/span><br \/>\n<\/strong><\/span><\/strong><b>58<\/b> Wyr\u00f3wnanie potencja\u0142\u00f3w w szafach sterowniczych Rittal TS8<\/span><br \/>\n<span style=\"font-size: 12pt;\"> <b>60<\/b> Zaciski serii SAB i SRK \u2026\/ SAS firmy Conta-Clip<\/span><br \/>\n<span style=\"font-size: 12pt;\"> <b>63<\/b> Puszki Industrial firmy Elektro-Plast<\/span><\/p>\n<p><span style=\"font-size: 12pt;\"><strong style=\"font-size: 12pt;\"><span style=\"background-color: #c74a46;\"><strong>\u00a0<span style=\"color: #ffffff;\">KABLE I PRZEWODY<\/span>\u00a0<\/strong><\/span><br \/>\n<\/strong><b>64<\/b> Ko\u0144c\u00f3wki kablowe firmy Klauke<\/span><br \/>\n<span style=\"font-size: 12pt;\"> <b>67<\/b> Produkty Lapp Kabel w trakach firmy Wood-Mizer<\/span><br \/>\n<span style=\"font-size: 12pt;\"> <b>70<\/b> Kable sterownicze BiT firmy Bitner<\/span><br \/>\n<span style=\"font-size: 12pt;\"> <b>72<\/b> Kable ekranowane z asortymentu firmy Top Cable<\/span><br \/>\n<span style=\"font-size: 12pt;\"> <b>76<\/b> Systemy rozprowadzania i ochrony kabli w przemy\u015ble spo\u017cywczym<\/span><\/p>\n<p><span style=\"font-size: 12pt;\"><strong><span style=\"color: #ffffff; background-color: #ebce93;\">\u00a0INTELIGENTNY BUDYNEK\u00a0<\/span><br \/>\n<\/strong><b>79<\/b> Nowo\u015bci w ofercie automatyki budynkowej Exta firmy Zamel<\/span><\/p>\n<p><span style=\"font-size: 12pt;\"><strong style=\"font-size: 12pt;\"><span style=\"color: #ffffff; background-color: #c71882;\">\u00a0NAP\u0118DY I STEROWANIE\u00a0<\/span><br \/>\n<\/strong><b style=\"font-size: 12pt;\">82<\/b> Rozwi\u0105zania Nord dla Przemys\u0142u 4.0<\/span><\/p>\n<p><span style=\"font-size: 12pt;\"><strong style=\"font-size: 12pt;\"><span style=\"color: #ffffff; background-color: #f47a63;\">\u00a0OCHRONA PRZECIWPRZEPI\u0118CIOWA\u00a0<\/span><br \/>\n<\/strong><b style=\"font-size: 12pt;\">84<\/b> Ochrona inteligentnych sieci energetycznych i komputerowych<\/span><\/p>\n<p><span style=\"font-size: 12pt;\"><strong style=\"font-size: 12pt;\"><span style=\"color: #ffffff; background-color: #e77e1b;\">\u00a0APARATURA \u0141\u0104CZENIOWA\u00a0<\/span><br \/>\n<\/strong><b style=\"font-size: 12pt;\">88<\/b> \u0141\u0105czniki kra\u0144cowe typu AP1V\u2026J02 firmy Pok\u00f3j<\/span><\/p>\n<p><span style=\"font-size: 12pt;\"><strong><span style=\"color: #ffffff; background-color: #0076bd;\">\u00a0ZASILANIE\u00a0<\/span><br \/>\n<\/strong>92\u00a0Modu\u0142owe zasilacze UPS Modulon DPH firmy Delta Electronics<\/span><br \/>\n<span style=\"font-size: 12pt;\"><strong>94<\/strong> Zasilacze impulsowe serii 78 firmy Finder<\/span><\/p>\n<p><span style=\"font-size: 12pt;\"><strong><span style=\"color: #ffffff; background-color: #004a7f;\">\u00a0NARZ\u0118DZIA\u00a0<\/span><br \/>\n<\/strong><b>97<\/b> Narz\u0119dzia firmy Erko do wycinania otwor\u00f3w<\/span><\/p>\n<p><span style=\"font-size: 12pt;\"><strong><span style=\"color: #ffffff; background-color: #b191af;\">\u00a0PRZETARGI I INWESTYCJE\u00a0<\/span><\/strong><\/span><br \/>\n<span style=\"font-size: 12pt;\"> <b>57<\/b>\u00a0Planowane inwestycje<\/span><br \/>\n<span style=\"font-size: 12pt;\"> <b>62<\/b>\u00a0Oferty, zlecenia os\u00f3b i firm prywatnych<\/span><br \/>\n<span style=\"font-size: 12pt;\"> <b>64<\/b>\u00a0Przetargi w bran\u017cy elektrotechnicznej i energetycznej<\/span><\/p>\n<h4><span style=\"font-size: 12pt;\"><strong>Dodatek:\u00a0&#8220;AUTOMATYKA&#8221;<\/strong><\/span><\/h4>\n<p><span style=\"font-size: 12pt;\"><a href=\"http:\/\/elektrosystemy.pl\/wp-content\/uploads\/2016\/02\/25\/marzec-2016\/Dod_03_2016.jpg\"><img loading=\"lazy\" class=\"alignleft wp-image-16105\" src=\"http:\/\/elektrosystemy.pl\/wp-content\/uploads\/2016\/02\/25\/marzec-2016\/Dod_03_2016-200x300.jpg\" alt=\"\" width=\"198\" height=\"297\" srcset=\"https:\/\/elektrosystemy.pl\/wp-content\/uploads\/2016\/02\/25\/marzec-2016\/Dod_03_2016-200x300.jpg 200w, https:\/\/elektrosystemy.pl\/wp-content\/uploads\/2016\/02\/25\/marzec-2016\/Dod_03_2016-600x899.jpg 600w, https:\/\/elektrosystemy.pl\/wp-content\/uploads\/2016\/02\/25\/marzec-2016\/Dod_03_2016-683x1024.jpg 683w, https:\/\/elektrosystemy.pl\/wp-content\/uploads\/2016\/02\/25\/marzec-2016\/Dod_03_2016.jpg 700w\" sizes=\"(max-width: 198px) 100vw, 198px\" \/><\/a><strong style=\"font-size: 12pt;\">\u00a04<\/strong> Rynek automatyki kontynuuje silne wzrosty<\/span><br \/>\n<span style=\"font-size: 12pt;\"><b>16<\/b> Panele operatorskie<\/span><br \/>\n<span style=\"font-size: 12pt;\"><strong>20<\/strong> Przeka\u017aniki czasowe<\/span><br \/>\n<span style=\"font-size: 12pt;\"><b>24<\/b> Elektroniczne przeka\u017aniki czasowe \u2013 oferta rynkowa\u00a0<\/span><br \/>\n<span style=\"font-size: 12pt;\"><strong>30<\/strong> Sterowniki swobodnie programowalne PLC \u2013 przegl\u0105d oferty rynkowej<\/span><\/p>\n","protected":false},"excerpt":{"rendered":"<p>\u00a0AKTUALNO\u015aCI 20\u00a0Indeks koniunktury ELEKTROSYSTEM\u00d3W Koniunktura w bran\u017cy ostro zanurkowa\u0142a 22\u00a0Gie\u0142dowy Indeks ELEKTROSYSTEM\u00d3W Mocne spadki bran\u017cy na gie\u0142dzie 24\u00a0Produkcja wybranych artyku\u0142\u00f3w elektrotechnicznych \u2013 XII 2015 26 W Polsce przyby\u0142o 941 MW mocy w OZE 27 GE prezentuje koncepcj\u0119 elektrowni przysz\u0142o\u015bci 28 Apator liczy na istotn\u0105 popraw\u0119 w 2016 roku 29 Ruszy\u0142a IX edycja konkursu Elektryzuj\u0105ca Pasja&hellip;<\/p>\n","protected":false},"author":4,"featured_media":0,"parent":15581,"menu_order":3,"comment_status":"closed","ping_status":"closed","template":"","meta":[],"_links":{"self":[{"href":"https:\/\/elektrosystemy.pl\/index.php?rest_route=\/wp\/v2\/pages\/16653"}],"collection":[{"href":"https:\/\/elektrosystemy.pl\/index.php?rest_route=\/wp\/v2\/pages"}],"about":[{"href":"https:\/\/elektrosystemy.pl\/index.php?rest_route=\/wp\/v2\/types\/page"}],"author":[{"embeddable":true,"href":"https:\/\/elektrosystemy.pl\/index.php?rest_route=\/wp\/v2\/users\/4"}],"replies":[{"embeddable":true,"href":"https:\/\/elektrosystemy.pl\/index.php?rest_route=%2Fwp%2Fv2%2Fcomments&post=16653"}],"version-history":[{"count":1,"href":"https:\/\/elektrosystemy.pl\/index.php?rest_route=\/wp\/v2\/pages\/16653\/revisions"}],"predecessor-version":[{"id":16654,"href":"https:\/\/elektrosystemy.pl\/index.php?rest_route=\/wp\/v2\/pages\/16653\/revisions\/16654"}],"up":[{"embeddable":true,"href":"https:\/\/elektrosystemy.pl\/index.php?rest_route=\/wp\/v2\/pages\/15581"}],"wp:attachment":[{"href":"https:\/\/elektrosystemy.pl\/index.php?rest_route=%2Fwp%2Fv2%2Fmedia&parent=16653"}],"curies":[{"name":"wp","href":"https:\/\/api.w.org\/{rel}","templated":true}]}}