{"id":32542,"date":"2020-03-11T17:10:44","date_gmt":"2020-03-11T16:10:44","guid":{"rendered":"http:\/\/elektrosystemy.pl\/?page_id=32542"},"modified":"2020-03-11T17:11:34","modified_gmt":"2020-03-11T16:11:34","slug":"najnowsze-wydanie-luty-2015-10-2","status":"publish","type":"page","link":"https:\/\/elektrosystemy.pl\/?page_id=32542","title":{"rendered":"LUTY 2020"},"content":{"rendered":"<p><a href=\"http:\/\/elektrosystemy.pl\/wp-content\/uploads\/2016\/02\/01\/najnowsze-wydanie-luty-2015-10\/ES_02_2020_spis.jpg\"><img loading=\"lazy\" class=\"aligncenter wp-image-32530 size-full\" style=\"box-shadow: 3px 3px 5px grey;\" src=\"http:\/\/elektrosystemy.pl\/wp-content\/uploads\/2016\/02\/01\/najnowsze-wydanie-luty-2015-10\/ES_02_2020_spis.jpg\" alt=\"\" width=\"1600\" height=\"1153\" srcset=\"https:\/\/elektrosystemy.pl\/wp-content\/uploads\/2016\/02\/01\/najnowsze-wydanie-luty-2015-10\/ES_02_2020_spis.jpg 1600w, https:\/\/elektrosystemy.pl\/wp-content\/uploads\/2016\/02\/01\/najnowsze-wydanie-luty-2015-10\/ES_02_2020_spis-600x432.jpg 600w, https:\/\/elektrosystemy.pl\/wp-content\/uploads\/2016\/02\/01\/najnowsze-wydanie-luty-2015-10\/ES_02_2020_spis-300x216.jpg 300w, https:\/\/elektrosystemy.pl\/wp-content\/uploads\/2016\/02\/01\/najnowsze-wydanie-luty-2015-10\/ES_02_2020_spis-1024x738.jpg 1024w, https:\/\/elektrosystemy.pl\/wp-content\/uploads\/2016\/02\/01\/najnowsze-wydanie-luty-2015-10\/ES_02_2020_spis-768x553.jpg 768w, https:\/\/elektrosystemy.pl\/wp-content\/uploads\/2016\/02\/01\/najnowsze-wydanie-luty-2015-10\/ES_02_2020_spis-1536x1107.jpg 1536w, https:\/\/elektrosystemy.pl\/wp-content\/uploads\/2016\/02\/01\/najnowsze-wydanie-luty-2015-10\/ES_02_2020_spis-1320x951.jpg 1320w\" sizes=\"(max-width: 1600px) 100vw, 1600px\" \/><\/a><\/p>\n<p><span style=\"font-size: 12pt;\"><a href=\"http:\/\/elektrosystemy.pl\/wp-content\/uploads\/2019\/03\/07\/archiwum-2017-2-2\/Okladka_ES_02_2020_www.jpg\"><img loading=\"lazy\" class=\"wp-image-32522 alignleft\" style=\"box-shadow: 3px 3px 4px grey; margin: 6px 11px 1px 2px;\" src=\"http:\/\/elektrosystemy.pl\/wp-content\/uploads\/2019\/03\/07\/archiwum-2017-2-2\/Okladka_ES_02_2020_www.jpg\" alt=\"\" width=\"203\" height=\"294\" srcset=\"https:\/\/elektrosystemy.pl\/wp-content\/uploads\/2019\/03\/07\/archiwum-2017-2-2\/Okladka_ES_02_2020_www.jpg 600w, https:\/\/elektrosystemy.pl\/wp-content\/uploads\/2019\/03\/07\/archiwum-2017-2-2\/Okladka_ES_02_2020_www-416x600.jpg 416w, https:\/\/elektrosystemy.pl\/wp-content\/uploads\/2019\/03\/07\/archiwum-2017-2-2\/Okladka_ES_02_2020_www-208x300.jpg 208w\" sizes=\"(max-width: 203px) 100vw, 203px\" \/><\/a><\/span><strong><span style=\"background-color: #ff0000; color: #ffffff;\"><span style=\"font-size: 12pt;\">AKTUALNO\u015aCI\u00a0<\/span><br \/>\n<\/span><span style=\"font-size: 12pt;\">10<\/span><\/strong><span style=\"font-size: 12pt;\"> Indeks Koniunktury ELEKTROSYSTEM\u00d3W: Bran\u017ca rozpocz\u0119\u0142a nowy rok od spadk\u00f3w<\/span><span style=\"font-size: 12pt;\"><br \/>\n<strong>12<\/strong> Gie\u0142dowy Indeks ELEKTROSYSTEM\u00d3W: Gie\u0142da rozpocz\u0119\u0142a rok z przytupem<br \/>\n<strong>14<\/strong> Produkcja wybranych artyku\u0142\u00f3w elektrotechnicznych \u2013 XII 2019<br \/>\n<strong>16<\/strong> Elektrotim prognozuje w tym roku spore zyski<br \/>\n<strong>17<\/strong> XTPL rozpoczyna wsp\u00f3\u0142prac\u0119 z Osram<br \/>\n<strong>18<\/strong> Infrastruktura hybrydowa zyskuje na popularno\u015bci<br \/>\n<strong>19<\/strong> Dwucyfrowe wzrosty ES-System w 2019 roku<br \/>\n<strong>20<\/strong> ARP zacie\u015bnia wsp\u00f3\u0142prac\u0119 z GE<br \/>\n<strong>21<\/strong> TDJ przejmuje Teamtechnik PT<br \/>\n<strong>22<\/strong> Skokowy wzrost ilo\u015bci mikroinstalacji PV<br \/>\n<strong>23<\/strong> Warsaw Energy Expo odb\u0119dzie si\u0119 7-8 maja 2020<br \/>\n<strong>24<\/strong> Kolejne Targi Enex rozpoczn\u0105 si\u0119 26 lutego<br \/>\n<strong>24<\/strong> LUG zako\u0144czy\u0142 ubieg\u0142y rok wysok\u0105 strat\u0105<br \/>\n<strong>25<\/strong> Fotowoltaika mile zaskoczy\u0142a Grodno<br \/>\n<strong>25<\/strong> FBSerwis zmodernizuje o\u015bwietlenie w Sosnowcu<br \/>\n<strong>26<\/strong> Vestas dostarczy do Polski 30 turbin o mocy 60 MW<br \/>\n<strong>26<\/strong> Apator obni\u017cy\u0142 szacunki zysku netto do 56 mln z\u0142<br \/>\n<strong>27<\/strong> Radpol wygasi produkcj\u0119 w Wirbecie<br \/>\n<strong>27<\/strong> Ericsson buduje pilota\u017cow\u0105 sie\u0107 LTE dla energetyki<\/span><\/p>\n<p><strong><span style=\"background-color: #ff0000; color: #ffffff;\">\u00a0<span style=\"font-size: 12pt;\">WYDARZENIA\u00a0<\/span><br \/>\n<\/span><\/strong><span style=\"font-size: 12pt;\"><strong>28<\/strong> Ponad 260 wystawc\u00f3w na Targach \u015awiat\u0142o oraz Elektrotechnika<\/span><\/p>\n<p><span style=\"font-size: 12pt;\"><strong><span style=\"color: #ffffff; background-color: #005ea8;\"><span style=\"font-size: 12pt; color: #ffffff; background-color: #57afc6;\">\u00a0AUTOMATYKA\u00a0<\/span><br \/>\n<\/span>30<\/strong> Rittal i Eplan: rozwi\u0105zania dla automatyki przemys\u0142owej<\/span><\/p>\n<p><span style=\"color: #ffffff; background-color: #005ea8;\"><strong><span style=\"font-size: 12pt;\"><span style=\"font-size: 12pt; color: #ffffff; background-color: #00939b;\">\u00a0OSPRZ\u0118T INSTALACYJNY\u00a0<\/span><br \/>\n<\/span><\/strong><\/span><span style=\"font-size: 12pt;\"><strong>32 <\/strong>MSF i Elegant: rozdzielnice mieszkaniowe firmy Elektro-Plast Nasielsk<\/span><\/p>\n<p><span style=\"font-size: 12pt; color: #ffffff; background-color: #cc3333;\"><strong>\u00a0KABLE I PRZEWODY<br \/>\n<\/strong><\/span><span style=\"font-size: 12pt;\"><strong>34<\/strong> Przewody marki Lapp w systemach firmy Polin<br \/>\n<strong>36<\/strong> Redukcja ryzyka \u2013 przewody Helupower Reflect<br \/>\n<strong>38<\/strong> Przewody bezhalogenowe firmy Elpar<br \/>\n<strong>40<\/strong> Kable solarne Topsolar PV H1Z2Z2-K firmy Top Cable<\/span><\/p>\n<p><span style=\"font-size: 12pt;\"><strong><span style=\"font-weight: bold; background-color: #cb6418;\"><span style=\"color: #ffffff;\">\u00a0MIERNICTWO<br \/>\n<\/span><\/span><\/strong><\/span><span style=\"font-size: 12pt;\"><strong>42<\/strong> Kamera termowizyjna TiS20+ firmy Fluke<br \/>\n<strong>43<\/strong> Termowizyjny system kontroli budynk\u00f3w Flir MR277<\/span><\/p>\n<p><span style=\"color: #ffffff;\"><strong><span style=\"font-size: 12pt; background-color: #fcd800;\">\u00a0TECHNIKA \u015aWIETLNA<br \/>\n<\/span><\/strong><\/span><span style=\"font-size: 12pt;\"><strong>44<\/strong> System Interact Retail firmy Signify w Castoramie<\/span><\/p>\n<p><span style=\"color: #ffffff;\"><strong><span style=\"font-size: 12pt; background-color: #ea802c;\">\u00a0APARATURA \u0141\u0104CZENIOWA<br \/>\n<\/span><\/strong><\/span><span style=\"font-size: 12pt;\"><strong>46<\/strong> Hermetyczne styczniki DC du\u017cych mocy firmy Gigavac<\/span><\/p>\n<p><span style=\"color: #ffffff;\"><strong><span style=\"font-size: 12pt; background-color: #b191af;\">\u00a0PRZETARGI I INWESTYCJE\u00a0<\/span><\/strong><\/span><br \/>\n<span style=\"font-size: 12pt;\"><b>52<\/b>\u00a0Przetargi w bran\u017cy elektrotechnicznej i energetycznej<\/span><\/p>\n<p><span style=\"font-size: 12pt;\"><strong>DODATEK &#8220;KABLE i PRZEWODY&#8221;<\/strong><\/span><br \/>\n<a href=\"http:\/\/elektrosystemy.pl\/wp-content\/uploads\/2020\/03\/11\/4536\/Okladka_KiP_02_2020_www_widget.jpg\"><img loading=\"lazy\" class=\"alignleft wp-image-32535\" style=\"box-shadow: 3px 3px 4px grey; margin: 6px 11px 1px 2px;\" src=\"http:\/\/elektrosystemy.pl\/wp-content\/uploads\/2020\/03\/11\/4536\/Okladka_KiP_02_2020_www_widget.jpg\" alt=\"\" width=\"203\" height=\"302\" srcset=\"https:\/\/elektrosystemy.pl\/wp-content\/uploads\/2020\/03\/11\/4536\/Okladka_KiP_02_2020_www_widget.jpg 400w, https:\/\/elektrosystemy.pl\/wp-content\/uploads\/2020\/03\/11\/4536\/Okladka_KiP_02_2020_www_widget-201x300.jpg 201w\" sizes=\"(max-width: 203px) 100vw, 203px\" \/><\/a><\/p>\n<p><span style=\"font-size: 12pt;\"><strong>4<\/strong> Analiza rynku kabli i przewod\u00f3w: Popyt na kable utrzyma\u0142 si\u0119 na podobnym poziomie<br \/>\n<\/span><span style=\"font-size: 12pt;\"><strong>20<\/strong> Grzegorz Malinowski, Krzysztof Kowalczyk, <strong>Ins-El<\/strong>: Chcemy by\u0107 partnerem dla wszystkich uczestnik\u00f3w rynku<br \/>\n<\/span><span style=\"font-size: 12pt;\"><strong>26<\/strong> Przewody i kable telekomunikacyjne i do transmisji sygna\u0142\u00f3w<br \/>\n<\/span><span style=\"font-size: 12pt;\"><strong>30<\/strong> Przewody i kable sterownicze \u2013 przegl\u0105d oferty rynkowej<br \/>\n<\/span><span style=\"font-size: 12pt;\"><strong>32<\/strong> Kable i przewody bezhalogenowe<\/span><\/p>\n","protected":false},"excerpt":{"rendered":"<p>AKTUALNO\u015aCI\u00a0 10 Indeks Koniunktury ELEKTROSYSTEM\u00d3W: Bran\u017ca rozpocz\u0119\u0142a nowy rok od spadk\u00f3w 12 Gie\u0142dowy Indeks ELEKTROSYSTEM\u00d3W: Gie\u0142da rozpocz\u0119\u0142a rok z przytupem 14 Produkcja wybranych artyku\u0142\u00f3w elektrotechnicznych \u2013 XII 2019 16 Elektrotim prognozuje w tym roku spore zyski 17 XTPL rozpoczyna wsp\u00f3\u0142prac\u0119 z Osram 18 Infrastruktura hybrydowa zyskuje na popularno\u015bci 19 Dwucyfrowe wzrosty ES-System w 2019 roku&hellip;<\/p>\n","protected":false},"author":3,"featured_media":0,"parent":32524,"menu_order":2,"comment_status":"closed","ping_status":"closed","template":"","meta":[],"_links":{"self":[{"href":"https:\/\/elektrosystemy.pl\/index.php?rest_route=\/wp\/v2\/pages\/32542"}],"collection":[{"href":"https:\/\/elektrosystemy.pl\/index.php?rest_route=\/wp\/v2\/pages"}],"about":[{"href":"https:\/\/elektrosystemy.pl\/index.php?rest_route=\/wp\/v2\/types\/page"}],"author":[{"embeddable":true,"href":"https:\/\/elektrosystemy.pl\/index.php?rest_route=\/wp\/v2\/users\/3"}],"replies":[{"embeddable":true,"href":"https:\/\/elektrosystemy.pl\/index.php?rest_route=%2Fwp%2Fv2%2Fcomments&post=32542"}],"version-history":[{"count":1,"href":"https:\/\/elektrosystemy.pl\/index.php?rest_route=\/wp\/v2\/pages\/32542\/revisions"}],"predecessor-version":[{"id":32543,"href":"https:\/\/elektrosystemy.pl\/index.php?rest_route=\/wp\/v2\/pages\/32542\/revisions\/32543"}],"up":[{"embeddable":true,"href":"https:\/\/elektrosystemy.pl\/index.php?rest_route=\/wp\/v2\/pages\/32524"}],"wp:attachment":[{"href":"https:\/\/elektrosystemy.pl\/index.php?rest_route=%2Fwp%2Fv2%2Fmedia&parent=32542"}],"curies":[{"name":"wp","href":"https:\/\/api.w.org\/{rel}","templated":true}]}}