{"id":5860,"date":"2013-05-01T16:45:27","date_gmt":"2013-05-01T15:45:27","guid":{"rendered":"http:\/\/www.wp.elektrosystemy.pl\/?page_id=5860"},"modified":"2015-08-14T22:32:10","modified_gmt":"2015-08-14T21:32:10","slug":"maj-2013","status":"publish","type":"page","link":"https:\/\/elektrosystemy.pl\/?page_id=5860","title":{"rendered":"Maj 2013"},"content":{"rendered":"<p><a href=\"http:\/\/www.wp.elektrosystemy.pl\/wp-content\/uploads\/2015\/02\/09\/maj-2013\/ES_2013_05_spis.jpg\"><img loading=\"lazy\" class=\"alignnone wp-image-5905\" src=\"http:\/\/www.wp.elektrosystemy.pl\/wp-content\/uploads\/2015\/02\/09\/maj-2013\/ES_2013_05_spis.jpg\" alt=\"\" width=\"700\" height=\"504\" srcset=\"https:\/\/elektrosystemy.pl\/wp-content\/uploads\/2015\/02\/09\/maj-2013\/ES_2013_05_spis.jpg 2457w, https:\/\/elektrosystemy.pl\/wp-content\/uploads\/2015\/02\/09\/maj-2013\/ES_2013_05_spis-600x432.jpg 600w, https:\/\/elektrosystemy.pl\/wp-content\/uploads\/2015\/02\/09\/maj-2013\/ES_2013_05_spis-300x216.jpg 300w, https:\/\/elektrosystemy.pl\/wp-content\/uploads\/2015\/02\/09\/maj-2013\/ES_2013_05_spis-1024x738.jpg 1024w\" sizes=\"(max-width: 700px) 100vw, 700px\" \/><\/a><a href=\"http:\/\/www.wp.elektrosystemy.pl\/wp-content\/uploads\/2015\/01\/08\/czerwiec-2014-2\/ES_05_2014.jpg\"><br \/>\n<\/a><\/p>\n<p style=\"text-align: center;\"><a href=\"http:\/\/www.wp.elektrosystemy.pl\/wp-content\/uploads\/2015\/02\/09\/maj-2013\/OkladkaES_05_2013_B.jpg\"><img loading=\"lazy\" class=\"  alignleft wp-image-5939 size-medium\" src=\"http:\/\/www.wp.elektrosystemy.pl\/wp-content\/uploads\/2015\/02\/09\/maj-2013\/OkladkaES_05_2013_B-210x300.jpg\" alt=\"\" width=\"210\" height=\"300\" srcset=\"https:\/\/elektrosystemy.pl\/wp-content\/uploads\/2015\/02\/09\/maj-2013\/OkladkaES_05_2013_B-210x300.jpg 210w, https:\/\/elektrosystemy.pl\/wp-content\/uploads\/2015\/02\/09\/maj-2013\/OkladkaES_05_2013_B.jpg 500w\" sizes=\"(max-width: 210px) 100vw, 210px\" \/><\/a><\/p>\n<p class=\"line220\"><span style=\"font-size: 12pt;\"><strong><span style=\"color: #ffffff; background-color: #ff0000;\">\u00a0<\/span><span style=\"color: #ffffff; background-color: #ff0000;\">AKTUALNO\u015aCI\u00a0<\/span><span style=\"text-decoration: underline; color: #ffffff; background-color: #ff0000;\"><br \/>\n<\/span><\/strong><strong>14<\/strong> <strong>Indeks koniunktury ELEKTROSYSTEM\u00d3W<\/strong><\/span><br \/>\n<span style=\"font-size: 12pt;\"> Tempo spadku koniunktury s\u0142abnie<\/span><\/p>\n<p><span style=\"font-size: 12pt;\"><strong> 16 Gie\u0142dowy Indeks ELEKTROSYSTEM\u00d3W<\/strong><\/span><br \/>\n<span style=\"font-size: 12pt;\"> Indeks GIE zanotowa\u0142 du\u017cy spadek warto\u015bci<\/span><br \/>\n<span style=\"font-size: 12pt;\"> <strong> 18<\/strong> Produkcja wybranych artyku\u0142\u00f3w elektrotechnicznych \u2013 II 2013<\/span><br \/>\n<span style=\"font-size: 12pt;\"> <strong> 20<\/strong> Sonel otworzy kolejne sp\u00f3\u0142ki na wschodzie<\/span><br \/>\n<span style=\"font-size: 12pt;\"> <strong> 21<\/strong> Sprzeda\u017c Grodna wzros\u0142a do 193 mln z\u0142<\/span><br \/>\n<span style=\"font-size: 12pt;\"> <strong> 22<\/strong> Ever zwi\u0119ksza aktywno\u015b\u0107 na rynku korporacyjnym<\/span><br \/>\n<span style=\"font-size: 12pt;\"> <strong> 23<\/strong> Instalacja CCS rozpocznie prac\u0119 w Elektrowni \u0141aziska<\/span><br \/>\n<span style=\"font-size: 12pt;\"> <strong> 24<\/strong> Siemens zmodernizowa\u0142 dwie walcownie drutu<\/span><br \/>\n<span style=\"font-size: 12pt;\"> <strong> 25<\/strong> APS Energia planuje debiut na NC w czerwcu<\/span><br \/>\n<span style=\"font-size: 12pt;\"> <strong> 25<\/strong> Przychody Elektrobudowy przekroczy\u0142y 1 mld z\u0142<\/span><br \/>\n<span style=\"font-size: 12pt;\"> <strong> 26<\/strong> Energa-Operator zainwestuje 1,44 mld z\u0142<\/span><br \/>\n<span style=\"font-size: 12pt;\"> <strong> 26<\/strong> Atrem mia\u0142 12,1 mln z\u0142 straty netto w 2012 roku<\/span><br \/>\n<span style=\"font-size: 12pt;\"> <strong> 27<\/strong> Rynek inwerter\u00f3w dla OZE b\u0119dzie r\u00f3s\u0142<\/span><br \/>\n<span style=\"font-size: 12pt;\"> <strong> 27<\/strong> Ensto rozszerza ofert\u0119 o osprz\u0119t kablowy<\/span><br \/>\n<span style=\"font-size: 12pt;\"> <strong> 28<\/strong> Echelon wchodz na polski rynek<\/span><br \/>\n<span style=\"font-size: 12pt;\"> <strong> 28<\/strong> GSG Towers rozpoczyna wsp\u00f3\u0142prac\u0119 z Vestas Wind<\/span><br \/>\n<span style=\"font-size: 12pt;\"> <strong> 29<\/strong> IEO proponuje wsparcie dla ma\u0142ych instalacji OZE<\/span><br \/>\n<span style=\"font-size: 12pt;\"> <strong> 29<\/strong> PGE Dystrybucja wyda\u0142a na inwestycje 1,3 mld z\u0142<\/span><br \/>\n<span style=\"font-size: 12pt;\"> <strong> 30<\/strong> Wybrano finalist\u00f3w Elektryzuj\u0105cej Pasji<\/span><br \/>\n<span style=\"font-size: 12pt;\"> <strong> 30<\/strong> Eaton zaprezentowa\u0142 nowo\u015bci na Hannover Messe<\/span><\/p>\n<p><span style=\"font-size: 12pt;\"><strong><span style=\"color: #ffffff; background-color: #8bc751;\">\u00a0WYWIAD\u00a0<\/span><\/strong><\/span><br \/>\n<span style=\"font-size: 12pt;\"> <strong>32<\/strong> Rozmowa z Cezarym Kaczmarkiem, prezesem Kaczmarek Electric SA<\/span><\/p>\n<p><span style=\"font-size: 12pt;\"><span style=\"background-color: #33cccc;\"><strong><span style=\"color: #ffffff;\">\u00a0AUTOMATYKA\u00a0<\/span><\/strong><\/span><br \/>\n<strong>38<\/strong> Przeka\u017aniki Need w sieci ModBus<\/span><br \/>\n<span style=\"font-size: 12pt;\"> <strong>40<\/strong> Silniki bezszczotkowe i czujniki z oferty Wobit<\/span><\/p>\n<p><span style=\"font-size: 12pt;\"><span style=\"color: #ffffff; background-color: #339966;\"><strong>\u00a0OSPRZ\u0118T INSTALACYJNY <\/strong><\/span><br \/>\n<strong>44<\/strong> Infrastruktura RiMatrix S dla centr\u00f3w danych<\/span><br \/>\n<span style=\"font-size: 12pt;\"> <strong>46<\/strong> Osprz\u0119t firmy Kopos do \u015bcian kartonowo-gipsowych<\/span><br \/>\n<span style=\"font-size: 12pt;\"> <strong>48<\/strong> System szaf Enux firmy ETA dla automatyki i dystrybucji nn<\/span><br \/>\n<span style=\"font-size: 12pt;\"> <strong>51<\/strong> Mocowanie przewod\u00f3w elektrycznych i sygna\u0142owych<\/span><\/p>\n<p><span style=\"font-size: 12pt;\"><span style=\"color: #ffffff; background-color: #993300;\"><strong>\u00a0APARATY ZABEZPIECZAJ\u0104CE <\/strong><\/span><br \/>\n<strong>54<\/strong> Wy\u0142\u0105czniki nadpr\u0105dowe Noark Electric<\/span><\/p>\n<p><span style=\"font-size: 12pt;\"><strong><span style=\"font-weight: bold; background-color: #990066;\"><span style=\"color: #ffffff;\">\u00a0ROZDZIA\u0141 ENERGII\u00a0<\/span><\/span><\/strong><\/span><br \/>\n<span style=\"font-size: 12pt;\"> <strong> 59<\/strong> Wy\u0142\u0105czniki powietrzne IZMX do 4000 A firmy Eaton<\/span><br \/>\n<span style=\"font-size: 12pt;\"> <strong> 62<\/strong> Nowy wy\u0142\u0105cznik powietrzny Emax 2 firmy ABB<\/span><br \/>\n<span style=\"font-size: 12pt;\"> <strong> 66<\/strong> Szyny zbiorcze Cuponal firmy Rittal<\/span><\/p>\n<p><span style=\"font-size: 12pt;\"><strong><span style=\"font-weight: bold; background-color: #f47a63;\"><span style=\"color: #ffffff;\">\u00a0OCHRONA PRZECIWPRZEPI\u0118CIOWA\u00a0<\/span><\/span><\/strong><\/span><br \/>\n<span style=\"font-size: 12pt;\"> <strong> 68<\/strong> Kontrola parametr\u00f3w ogranicznik\u00f3w przepi\u0119\u0107 \u2013 rozwi\u0105zania Phoenix Contact<\/span><br \/>\n<span style=\"font-size: 12pt;\"> <strong> 74<\/strong> Szyny wyr\u00f3wnawcze OBO Bettermann<\/span><\/p>\n<p><span style=\"font-size: 12pt;\"><strong><span style=\"color: #ffffff; background-color: #cc0066;\">\u00a0NAP\u0118DY I STEROWNIA\u00a0<\/span>\u00a0<\/strong><\/span><br \/>\n<span style=\"font-size: 12pt;\"> <strong> 76<\/strong> System SmartWire-DT w polach kasetowych xEnergy XW<\/span><\/p>\n<p><span style=\"font-size: 12pt;\"><strong><span style=\"background-color: #ff6600;\">\u00a0<span style=\"color: #ffffff;\">MIERNICTWO\u00a0<\/span><\/span><\/strong><\/span><br \/>\n<span style=\"font-size: 12pt;\"> <strong> 80<\/strong> System zarz\u0105dzania energi\u0105 Sentron Powermanager<\/span><\/p>\n<p><span style=\"font-size: 12pt;\"><span style=\"color: #ffffff; background-color: #cc3333;\"><strong>\u00a0KABLE I PRZEWODY\u00a0<\/strong><\/span><br \/>\n<strong>85<\/strong> Zestawy Lapp Kabel przew\u00f3d-d\u0142awnica-peszel dla trudnych aplikacji<\/span><\/p>\n<p><span style=\"font-size: 12pt;\"><span style=\"color: #ffffff; background-color: #007dc5;\"><strong>\u00a0ZASILANIE <\/strong><\/span><br \/>\n<strong>88<\/strong> PowerSeal i PowerBoost \u2013 nowe technologie w bateriach Energizer<\/span><\/p>\n<p><span style=\"font-size: 12pt;\"><strong><span style=\"color: #ffffff; background-color: #996699;\">\u00a0PRZETARGI I INWESTYCJE <\/span><\/strong><br \/>\n<strong>93<\/strong>\u00a0Planowane inwestycje<\/span><br \/>\n<span style=\"font-size: 12pt;\"> <strong>98<\/strong>\u00a0Przetargi w bran\u017cy elektrotechnicznej i energetycznej<\/span><\/p>\n<p><span style=\"font-size: 12pt;\"><strong><span style=\"background-color: #ff0000; color: #ffffff;\">\u00a0WYDARZENIA\u00a0<em><br \/>\n<\/em><\/span>106<\/strong>\u00a0Relacje z targ\u00f3w, wydarze\u0144, spotka\u0144 bran\u017cowych<\/span><\/p>\n<p><span style=\"font-size: 12pt;\"><strong>Dodatek:\u00a0&#8220;HURTOWNIE ELEKTROTECHNICZNE&#8221;<\/strong><\/span><\/p>\n<p style=\"text-align: left;\"><span style=\"font-size: 12pt;\"><a href=\"http:\/\/www.wp.elektrosystemy.pl\/wp-content\/uploads\/2015\/02\/09\/maj-2013\/okl_dod_HE_05_2013.jpg\"><img loading=\"lazy\" class=\"alignleft wp-image-5940 size-medium\" src=\"http:\/\/www.wp.elektrosystemy.pl\/wp-content\/uploads\/2015\/02\/09\/maj-2013\/okl_dod_HE_05_2013-200x300.jpg\" alt=\"\" width=\"200\" height=\"300\" srcset=\"https:\/\/elektrosystemy.pl\/wp-content\/uploads\/2015\/02\/09\/maj-2013\/okl_dod_HE_05_2013-200x300.jpg 200w, https:\/\/elektrosystemy.pl\/wp-content\/uploads\/2015\/02\/09\/maj-2013\/okl_dod_HE_05_2013.jpg 500w\" sizes=\"(max-width: 200px) 100vw, 200px\" \/><\/a><\/span><\/p>\n<p style=\"text-align: left;\"><span style=\"font-size: 12pt;\"><strong>04<\/strong> Rok 2013 b\u0119dzie dla hurtowni tak samo trudny jak ubieg\u0142y<\/span><br \/>\n<span style=\"font-size: 12pt;\"> <strong>24\u00a0<\/strong>Sprzeda\u017c hurtowni dla przemys\u0142u<\/span><\/p>\n<p><span style=\"font-size: 12pt;\">\u00a0<\/span><\/p>\n<p>&nbsp;<\/p>\n<p>&nbsp;<\/p>\n<p>&nbsp;<\/p>\n<p>&nbsp;<\/p>\n<p style=\"text-align: left;\"><span style=\"font-size: 12pt;\"><strong><strong>Dodatek:\u00a0&#8220;FIRMY ELEKTROINSTALACYJNE&#8221;<br \/>\n<\/strong><\/strong><\/span><\/p>\n<p style=\"text-align: left;\"><span style=\"font-size: 12pt;\"><a href=\"http:\/\/www.wp.elektrosystemy.pl\/wp-content\/uploads\/2015\/02\/09\/maj-2013\/okl_dod_FE_05_2013.jpg\"><img loading=\"lazy\" class=\"alignleft wp-image-5941 size-medium\" src=\"http:\/\/www.wp.elektrosystemy.pl\/wp-content\/uploads\/2015\/02\/09\/maj-2013\/okl_dod_FE_05_2013-200x300.jpg\" alt=\"\" width=\"200\" height=\"300\" srcset=\"https:\/\/elektrosystemy.pl\/wp-content\/uploads\/2015\/02\/09\/maj-2013\/okl_dod_FE_05_2013-200x300.jpg 200w, https:\/\/elektrosystemy.pl\/wp-content\/uploads\/2015\/02\/09\/maj-2013\/okl_dod_FE_05_2013.jpg 500w\" sizes=\"(max-width: 200px) 100vw, 200px\" \/><\/a><\/span><\/p>\n<p style=\"text-align: left;\"><span style=\"font-size: 12pt;\"><strong>04<\/strong>\u00a0Sp\u00f3\u0142ki poradzi\u0142y\u00a0sobie na trudnym rynku<\/span><br \/>\n<span style=\"font-size: 12pt;\"> <strong>22 <\/strong>Rozdzielnice\u00a0\u015bredniego napi\u0119cia<\/span><br \/>\n<span style=\"font-size: 12pt;\"> <strong>26\u00a0<\/strong>Rozdzielnice \u015bredniego napi\u0119cia<\/span><br \/>\n<span style=\"font-size: 12pt;\"> \u2013 przegl\u0105d oferty rynkowej<\/span><\/p>\n<p style=\"text-align: left;\"><span style=\"font-size: 12pt;\">\u00a0<\/span><\/p>\n","protected":false},"excerpt":{"rendered":"<p>\u00a0AKTUALNO\u015aCI\u00a0 14 Indeks koniunktury ELEKTROSYSTEM\u00d3W Tempo spadku koniunktury s\u0142abnie 16 Gie\u0142dowy Indeks ELEKTROSYSTEM\u00d3W Indeks GIE zanotowa\u0142 du\u017cy spadek warto\u015bci 18 Produkcja wybranych artyku\u0142\u00f3w elektrotechnicznych \u2013 II 2013 20 Sonel otworzy kolejne sp\u00f3\u0142ki na wschodzie 21 Sprzeda\u017c Grodna wzros\u0142a do 193 mln z\u0142 22 Ever zwi\u0119ksza aktywno\u015b\u0107 na rynku korporacyjnym 23 Instalacja CCS rozpocznie prac\u0119 w&hellip;<\/p>\n","protected":false},"author":3,"featured_media":0,"parent":5810,"menu_order":5,"comment_status":"closed","ping_status":"closed","template":"","meta":[],"_links":{"self":[{"href":"https:\/\/elektrosystemy.pl\/index.php?rest_route=\/wp\/v2\/pages\/5860"}],"collection":[{"href":"https:\/\/elektrosystemy.pl\/index.php?rest_route=\/wp\/v2\/pages"}],"about":[{"href":"https:\/\/elektrosystemy.pl\/index.php?rest_route=\/wp\/v2\/types\/page"}],"author":[{"embeddable":true,"href":"https:\/\/elektrosystemy.pl\/index.php?rest_route=\/wp\/v2\/users\/3"}],"replies":[{"embeddable":true,"href":"https:\/\/elektrosystemy.pl\/index.php?rest_route=%2Fwp%2Fv2%2Fcomments&post=5860"}],"version-history":[{"count":18,"href":"https:\/\/elektrosystemy.pl\/index.php?rest_route=\/wp\/v2\/pages\/5860\/revisions"}],"predecessor-version":[{"id":8354,"href":"https:\/\/elektrosystemy.pl\/index.php?rest_route=\/wp\/v2\/pages\/5860\/revisions\/8354"}],"up":[{"embeddable":true,"href":"https:\/\/elektrosystemy.pl\/index.php?rest_route=\/wp\/v2\/pages\/5810"}],"wp:attachment":[{"href":"https:\/\/elektrosystemy.pl\/index.php?rest_route=%2Fwp%2Fv2%2Fmedia&parent=5860"}],"curies":[{"name":"wp","href":"https:\/\/api.w.org\/{rel}","templated":true}]}}