{"id":5864,"date":"2013-08-01T16:46:34","date_gmt":"2013-08-01T15:46:34","guid":{"rendered":"http:\/\/www.wp.elektrosystemy.pl\/?page_id=5864"},"modified":"2015-09-03T09:11:41","modified_gmt":"2015-09-03T08:11:41","slug":"sierpien-2013","status":"publish","type":"page","link":"https:\/\/elektrosystemy.pl\/?page_id=5864","title":{"rendered":"Sierpie\u0144 2013"},"content":{"rendered":"<p><a href=\"http:\/\/www.wp.elektrosystemy.pl\/wp-content\/uploads\/2015\/02\/09\/sierpien-2013\/ES_2013_08_spis.jpg\"><img loading=\"lazy\" class=\"aligncenter wp-image-5899\" src=\"http:\/\/www.wp.elektrosystemy.pl\/wp-content\/uploads\/2015\/02\/09\/sierpien-2013\/ES_2013_08_spis.jpg\" alt=\"\" width=\"700\" height=\"512\" srcset=\"https:\/\/elektrosystemy.pl\/wp-content\/uploads\/2015\/02\/09\/sierpien-2013\/ES_2013_08_spis.jpg 2457w, https:\/\/elektrosystemy.pl\/wp-content\/uploads\/2015\/02\/09\/sierpien-2013\/ES_2013_08_spis-600x439.jpg 600w, https:\/\/elektrosystemy.pl\/wp-content\/uploads\/2015\/02\/09\/sierpien-2013\/ES_2013_08_spis-300x219.jpg 300w, https:\/\/elektrosystemy.pl\/wp-content\/uploads\/2015\/02\/09\/sierpien-2013\/ES_2013_08_spis-1024x749.jpg 1024w\" sizes=\"(max-width: 700px) 100vw, 700px\" \/><\/a><a href=\"http:\/\/www.wp.elektrosystemy.pl\/wp-content\/uploads\/2015\/01\/07\/copy-of-pazdziernik-2014\/ES_09_2014.jpg\"><br \/>\n<\/a><\/p>\n<p style=\"text-align: center;\"><a href=\"http:\/\/elektrosystemy.pl\/wp-content\/uploads\/uncategorized\/2014\/03\/05\/bezpieczenstwo-pozarowe-okablowania-dyrektywa-cpr-i-inne-klasyfikacje\/OkladkaES_08_2013.jpg\"><img loading=\"lazy\" class=\"alignleft wp-image-2276 size-medium\" src=\"http:\/\/elektrosystemy.pl\/wp-content\/uploads\/uncategorized\/2014\/03\/05\/bezpieczenstwo-pozarowe-okablowania-dyrektywa-cpr-i-inne-klasyfikacje\/OkladkaES_08_2013-209x300.jpg\" alt=\"\" width=\"209\" height=\"300\" srcset=\"https:\/\/elektrosystemy.pl\/wp-content\/uploads\/uncategorized\/2014\/03\/05\/bezpieczenstwo-pozarowe-okablowania-dyrektywa-cpr-i-inne-klasyfikacje\/OkladkaES_08_2013-209x300.jpg 209w, https:\/\/elektrosystemy.pl\/wp-content\/uploads\/uncategorized\/2014\/03\/05\/bezpieczenstwo-pozarowe-okablowania-dyrektywa-cpr-i-inne-klasyfikacje\/OkladkaES_08_2013.jpg 500w\" sizes=\"(max-width: 209px) 100vw, 209px\" \/><\/a><\/p>\n<p class=\"line220\"><span style=\"font-size: 12pt;\"><span style=\"color: #ffffff; background-color: #ff0000;\"><strong>\u00a0AKTUALNO\u015aCI <\/strong><\/span><br \/>\n<strong>16<\/strong> <strong>Indeks koniunktury ELEKTROSYSTEM\u00d3W<\/strong><\/span><br \/>\n<span style=\"font-size: 12pt;\"> W czerwcu nast\u0105pi\u0142o du\u017ce odbicie koniunktury<\/span><br \/>\n<span style=\"font-size: 12pt;\"> <strong>18<\/strong> <strong>Gie\u0142dowy Indeks ELEKTROSYSTEM\u00d3W<\/strong><\/span><br \/>\n<span style=\"font-size: 12pt;\"> Indeks sp\u00f3\u0142ek z bran\u017cy straci\u0142 wi\u0119cej ni\u017c ca\u0142a gie\u0142da<\/span><br \/>\n<span style=\"font-size: 12pt;\"> 20 Produkcja wybranych artyku\u0142\u00f3w elektrotechnicznych \u2013 V 2013<\/span><br \/>\n<span style=\"font-size: 12pt;\"> <strong>21<\/strong> Siemens usprawni ruch drogowy w Bia\u0142ymstoku<\/span><br \/>\n<span style=\"font-size: 12pt;\"> <strong>22<\/strong> EcoEnergy rozwija ofert\u0119 i sie\u0107 dystrybucji<\/span><br \/>\n<span style=\"font-size: 12pt;\"> <strong>25<\/strong> Pawbol planuje trzykrotnie zwi\u0119kszy\u0107 obroty z eksportu<\/span><br \/>\n<span style=\"font-size: 12pt;\"> <strong>26<\/strong> S\u0105d og\u0142osi\u0142 upad\u0142o\u015b\u0107 Brilum<\/span><br \/>\n<span style=\"font-size: 12pt;\"> <strong>26<\/strong> Amber Energia otwiera centrum us\u0142ug wsp\u00f3lnych<\/span><br \/>\n<span style=\"font-size: 12pt;\"> 27 Nowy prezes Apatora zapowiada dalsz\u0105 ekspansj\u0119<\/span><br \/>\n<span style=\"font-size: 12pt;\"> <strong>27<\/strong> Radpol przejmuje kolejn\u0105 sp\u00f3\u0142k\u0119<\/span><br \/>\n<span style=\"font-size: 12pt;\"> <strong>28<\/strong> Osram zadebiutowa\u0142 na niemieckich gie\u0142dach<\/span><br \/>\n<span style=\"font-size: 12pt;\"> <strong>28<\/strong> Moc elektrowni PV w Polsce mo\u017ce znacz\u0105co wzrosn\u0105\u0107<\/span><br \/>\n<span style=\"font-size: 12pt;\"> <strong>29<\/strong> TME rozwija system SAP o nowe funkcjonalno\u015bci<\/span><br \/>\n<span style=\"font-size: 12pt;\"> <strong>30<\/strong> ABB buduje w Holandii sie\u0107 \u0142adowania aut na pr\u0105d<\/span><br \/>\n<span style=\"font-size: 12pt;\"> <strong>30<\/strong> Bosch tworzy joint venture z GS Yuasa i Mitsubishi<\/span><\/p>\n<p><span style=\"font-size: 12pt;\"><strong><span style=\"background-color: #ff0000; color: #ffffff;\">\u00a0ELEKTROPRODUKT 2013\u00a0<\/span><\/strong><\/span><br \/>\n<span style=\"font-size: 12pt;\"> <strong> 32 ELEKTROPRODUKT 2013 roku:<\/strong> lista zg\u0142oszonych produkt\u00f3w<\/span><\/p>\n<p><span style=\"font-size: 12pt;\"><span style=\"color: #ffffff; background-color: #339966;\"><strong>\u00a0OSPRZ\u0118T INSTALACYJNY <\/strong><\/span><br \/>\n<strong>52<\/strong> Puszka Kopobox mini firmy Kopos<\/span><br \/>\n<span style=\"font-size: 12pt;\"> <strong>54<\/strong> Modu\u0142owe centrum danych RiMatrix S firmy Rittal<\/span><\/p>\n<p><span style=\"font-size: 12pt;\"><span style=\"color: #ffffff; background-color: #cc3333;\"><strong>\u00a0KABLE I PRZEWODY <\/strong><\/span><br \/>\n<strong>58<\/strong> Wyroby Lapp Kabel w fabryce opakowa\u0144 Ardagh Glass<\/span><br \/>\n<span style=\"font-size: 12pt;\"> <strong>61<\/strong> Bezpiecze\u0144stwo po\u017carowe okablowania \u2013 dyrektywa CPR i inne klasyfikacje<\/span><br \/>\n<span style=\"font-size: 12pt;\"> <strong>64<\/strong> Urz\u0105dzenia Alplast do odwijania kabli z b\u0119bn\u00f3w<\/span><\/p>\n<p><span style=\"font-size: 12pt;\"><span style=\"background-color: #33cccc;\"><strong>\u00a0<span style=\"color: #ffffff;\">AUTOMATYKA <\/span><br \/>\n<\/strong><\/span><strong>66<\/strong> Sterownik Astraada PLC RCC do ekonomicznych aplikacji<\/span><\/p>\n<p><span style=\"font-size: 12pt;\"><strong><span style=\"font-weight: bold; background-color: #990066;\"><span style=\"color: #ffffff;\">\u00a0ROZDZIA\u0141 ENERGII\u00a0<\/span><\/span><\/strong><\/span><br \/>\n<span style=\"font-size: 12pt;\"> <strong> 67<\/strong> Podstawa wtykowa dla wy\u0142\u0105cznika NZM3<\/span><br \/>\n<span style=\"font-size: 12pt;\"> <strong> 68<\/strong> Systemy szynoprzewodowe Sivacon 8PS firmy Siemens<\/span><\/p>\n<p><span style=\"font-size: 12pt;\"><span style=\"color: #ffffff; background-color: #e7c68c;\"><strong>\u00a0INTELIGENTNY BUDYNEK <\/strong><\/span><br \/>\n70 Sterownik GSM GRM-10 firmy Zamel<\/span><br \/>\n<span style=\"font-size: 12pt;\"> 72 Interfejsy Panasonic do integracji klimatyzacji i BMS<\/span><\/p>\n<p><span style=\"font-size: 12pt;\"><strong><span style=\"background-color: #caa082; color: #ffffff;\">\u00a0APARATURA MODU\u0141OWA\u00a0<\/span><\/strong><\/span><br \/>\n<span style=\"font-size: 12pt;\"> <strong> 73<\/strong> System aparatury modu\u0142owej Acti 9 firmy Schneider Electric<\/span><\/p>\n<p><span style=\"font-size: 12pt;\"><strong><span style=\"color: #ffffff; background-color: #ffcc66;\">\u00a0TECHNIKA \u015aWIETLNA\u00a0<\/span>\u00a0<\/strong><\/span><br \/>\n<span style=\"font-size: 12pt;\"> <strong> 76<\/strong> Czujniki ruchu, sterowniki o\u015bwietlenia<\/span><br \/>\n<span style=\"font-size: 12pt;\"> <strong> 78<\/strong> Transformatory elektroniczne Ledix firmy Cet Lighting<\/span><\/p>\n<p><span style=\"font-size: 12pt;\"><strong><span style=\"color: #ffffff; background-color: #996699;\">\u00a0PRZETARGI I INWESTYCJE\u00a0<\/span><\/strong><span style=\"text-decoration: underline;\"><em><strong><span style=\"background-color: #ff00ff; color: #ffffff; text-decoration: underline;\"><br \/>\n<\/span><\/strong><\/em><\/span><strong>84<\/strong>\u00a0Planowane inwestycje<\/span><br \/>\n<span style=\"font-size: 12pt;\"> <strong>88<\/strong>\u00a0Przetargi w bran\u017cy elektrotechnicznej i energetycznej<\/span><\/p>\n<p><span style=\"font-size: 12pt;\"><strong><span style=\"background-color: #ff0000; color: #ffffff;\">\u00a0WYDARZENIA\u00a0<em><br \/>\n<\/em><\/span>97<\/strong>\u00a0Relacje z targ\u00f3w, wydarze\u0144, spotka\u0144 bran\u017cowych<\/span><\/p>\n<p style=\"text-align: left;\"><span style=\"font-size: 12pt;\"><strong>Dodatek:\u00a0&#8220;KABLE I PRZEWODY&#8221;<\/strong><\/span><\/p>\n<p><span style=\"font-size: 12pt;\"><a href=\"http:\/\/www.wp.elektrosystemy.pl\/wp-content\/uploads\/2015\/02\/09\/sierpien-2013\/Dod_08_2013_okladka.jpg\"><img loading=\"lazy\" class=\"alignleft wp-image-5960 size-medium\" src=\"http:\/\/www.wp.elektrosystemy.pl\/wp-content\/uploads\/2015\/02\/09\/sierpien-2013\/Dod_08_2013_okladka-200x300.jpg\" alt=\"\" width=\"200\" height=\"300\" srcset=\"https:\/\/elektrosystemy.pl\/wp-content\/uploads\/2015\/02\/09\/sierpien-2013\/Dod_08_2013_okladka-200x300.jpg 200w, https:\/\/elektrosystemy.pl\/wp-content\/uploads\/2015\/02\/09\/sierpien-2013\/Dod_08_2013_okladka.jpg 500w\" sizes=\"(max-width: 200px) 100vw, 200px\" \/><\/a><\/span><\/p>\n<p class=\"line220\"><span style=\"font-size: 12pt;\"><strong style=\"font-size: 12pt;\">4<\/strong>\u00a0Bran\u017c\u0119 kablow\u0105 czeka trudny okres<\/span><br \/>\n<span style=\"font-size: 12pt;\"> <b>24<\/b>\u00a0Przewody telekomunikacyjne i do transmisji sygna\u0142\u00f3w<\/span><br \/>\n<span style=\"font-size: 12pt;\"> <strong>28<\/strong>\u00a0Kable i przewody do transmisji danych \u2013 przegl\u0105d oferty rynkowej<\/span><br \/>\n<span style=\"font-size: 12pt;\"> <strong>36<\/strong>\u00a0Osprz\u0119t i narz\u0119dzia kablowe<\/span><br \/>\n<span style=\"font-size: 12pt;\"> <strong>42<\/strong>\u00a0Dob\u00f3r przewod\u00f3w do zasilania urz\u0105dze\u0144 podtrzymuj\u0105cych funkcje w czasie po\u017caru<\/span><\/p>\n","protected":false},"excerpt":{"rendered":"<p>\u00a0AKTUALNO\u015aCI 16 Indeks koniunktury ELEKTROSYSTEM\u00d3W W czerwcu nast\u0105pi\u0142o du\u017ce odbicie koniunktury 18 Gie\u0142dowy Indeks ELEKTROSYSTEM\u00d3W Indeks sp\u00f3\u0142ek z bran\u017cy straci\u0142 wi\u0119cej ni\u017c ca\u0142a gie\u0142da 20 Produkcja wybranych artyku\u0142\u00f3w elektrotechnicznych \u2013 V 2013 21 Siemens usprawni ruch drogowy w Bia\u0142ymstoku 22 EcoEnergy rozwija ofert\u0119 i sie\u0107 dystrybucji 25 Pawbol planuje trzykrotnie zwi\u0119kszy\u0107 obroty z eksportu 26&hellip;<\/p>\n","protected":false},"author":3,"featured_media":0,"parent":5810,"menu_order":8,"comment_status":"closed","ping_status":"closed","template":"","meta":[],"_links":{"self":[{"href":"https:\/\/elektrosystemy.pl\/index.php?rest_route=\/wp\/v2\/pages\/5864"}],"collection":[{"href":"https:\/\/elektrosystemy.pl\/index.php?rest_route=\/wp\/v2\/pages"}],"about":[{"href":"https:\/\/elektrosystemy.pl\/index.php?rest_route=\/wp\/v2\/types\/page"}],"author":[{"embeddable":true,"href":"https:\/\/elektrosystemy.pl\/index.php?rest_route=\/wp\/v2\/users\/3"}],"replies":[{"embeddable":true,"href":"https:\/\/elektrosystemy.pl\/index.php?rest_route=%2Fwp%2Fv2%2Fcomments&post=5864"}],"version-history":[{"count":14,"href":"https:\/\/elektrosystemy.pl\/index.php?rest_route=\/wp\/v2\/pages\/5864\/revisions"}],"predecessor-version":[{"id":10370,"href":"https:\/\/elektrosystemy.pl\/index.php?rest_route=\/wp\/v2\/pages\/5864\/revisions\/10370"}],"up":[{"embeddable":true,"href":"https:\/\/elektrosystemy.pl\/index.php?rest_route=\/wp\/v2\/pages\/5810"}],"wp:attachment":[{"href":"https:\/\/elektrosystemy.pl\/index.php?rest_route=%2Fwp%2Fv2%2Fmedia&parent=5864"}],"curies":[{"name":"wp","href":"https:\/\/api.w.org\/{rel}","templated":true}]}}