{"id":9965,"date":"2015-07-01T13:56:25","date_gmt":"2015-07-01T12:56:25","guid":{"rendered":"http:\/\/elektrosystemy.pl\/?page_id=9965"},"modified":"2017-01-16T15:54:42","modified_gmt":"2017-01-16T14:54:42","slug":"lipiec-2015","status":"publish","type":"page","link":"https:\/\/elektrosystemy.pl\/?page_id=9965","title":{"rendered":"Lipiec 2015"},"content":{"rendered":"<p><span style=\"font-size: 12pt;\"><a href=\"http:\/\/elektrosystemy.home.pl\/ES2\/wp-content\/uploads\/2015\/06\/01\/najnowsze-wydanie-luty-2015\/ES_07_2015_spis.jpg\"><img loading=\"lazy\" class=\"alignnone wp-image-9369 size-full\" src=\"http:\/\/elektrosystemy.home.pl\/ES2\/wp-content\/uploads\/2015\/06\/01\/najnowsze-wydanie-luty-2015\/ES_07_2015_spis.jpg\" alt=\"\" width=\"2457\" height=\"1864\" srcset=\"https:\/\/elektrosystemy.pl\/wp-content\/uploads\/2015\/06\/01\/najnowsze-wydanie-luty-2015\/ES_07_2015_spis.jpg 2457w, https:\/\/elektrosystemy.pl\/wp-content\/uploads\/2015\/06\/01\/najnowsze-wydanie-luty-2015\/ES_07_2015_spis-600x455.jpg 600w, https:\/\/elektrosystemy.pl\/wp-content\/uploads\/2015\/06\/01\/najnowsze-wydanie-luty-2015\/ES_07_2015_spis-300x228.jpg 300w, https:\/\/elektrosystemy.pl\/wp-content\/uploads\/2015\/06\/01\/najnowsze-wydanie-luty-2015\/ES_07_2015_spis-1024x777.jpg 1024w\" sizes=\"(max-width: 2457px) 100vw, 2457px\" \/><\/a><a href=\"http:\/\/www.wp.elektrosystemy.pl\/wp-content\/uploads\/2015\/01\/08\/copy-of-marzec-2014\/ES_02_2014.jpg\"><br \/>\n<\/a><\/span><\/p>\n<p><span style=\"font-size: 12pt;\"><a href=\"http:\/\/elektrosystemy.home.pl\/ES2\/wp-content\/uploads\/2015\/07\/02\/OkladkaES_07_2015.jpg\"><img loading=\"lazy\" class=\" wp-image-9347 alignleft\" src=\"http:\/\/elektrosystemy.home.pl\/ES2\/wp-content\/uploads\/2015\/07\/02\/OkladkaES_07_2015.jpg\" alt=\"\" width=\"200\" height=\"279\" \/><\/a><\/span><span style=\"color: #ffffff; font-size: 12pt; background-color: #ff0000;\"><strong>\u00a0AKTUALNO\u015aCI <\/strong><\/span><br \/>\n<span style=\"font-size: 12pt;\"> <b>14<\/b>\u00a0<strong>Indeks koniunktury ELEKTROSYSTEM\u00d3W<\/strong><\/span><br \/>\n<span style=\"font-size: 12pt;\">Maj kolejnym miesi\u0105cem du\u017cych zwy\u017cek<\/span><br \/>\n<span style=\"font-size: 12pt;\"> <b>16<\/b>\u00a0<strong>Gie\u0142dowy Indeks ELEKTROSYSTEM\u00d3W<\/strong><\/span><br \/>\n<span style=\"font-size: 12pt;\">Du\u017ce spadki bran\u017cy na gie\u0142dzie<\/span><br \/>\n<span style=\"font-size: 12pt;\"> <b>18<\/b>\u00a0Produkcja wybranych artyku\u0142\u00f3w elektrotechnicznych \u2013 IV 2015<\/span><br \/>\n<span style=\"font-size: 12pt;\"> <strong>19<\/strong>\u00a0Kaczmarek Electric kontynuuje rozw\u00f3j sieci<\/span><br \/>\n<span style=\"font-size: 12pt;\"> <b>20<\/b>\u00a0Noble Securities przewiduje dynamiczny rozw\u00f3j Sonela\u00a0<\/span><br \/>\n<span style=\"font-size: 12pt;\"> <b>21<\/b>\u00a0PIGE stawia na eksport i jako\u015b\u0107 polskich produkt\u00f3w<\/span><br \/>\n<span style=\"font-size: 12pt;\"> <b>22<\/b>\u00a0Ro\u015bnie zainteresowanie ETIM w Polsce i Europie<\/span><br \/>\n<span style=\"font-size: 12pt;\"> <strong>23\u00a0<\/strong>Bran\u017ca ma now\u0105 organizacj\u0119 \u2013 KIGE<\/span><br \/>\n<span style=\"font-size: 12pt;\"> <strong>23\u00a0<\/strong>Portfel Grupy Atrem zwi\u0119kszy\u0142 si\u0119 do 160 mln z\u0142<\/span><br \/>\n<span style=\"font-size: 12pt;\"> <strong>24\u00a0<\/strong>Gartner wyr\u00f3\u017cni\u0142 polski system Smart Hom<\/span><br \/>\n<span style=\"font-size: 12pt;\"> <strong>24\u00a0<\/strong>Grodno otwiera nowy oddzia\u0142 w Szczecinie<\/span><br \/>\n<span style=\"font-size: 12pt;\"> <strong>25\u00a0<\/strong>Remak zdoby\u0142 kontrakt w Opolu za 158 mln z<\/span><br \/>\n<span style=\"font-size: 12pt;\"><strong>25\u00a0<\/strong>Siemens zainstalowa\u0142 prototyp turbiny 7 MW<\/span><br \/>\n<span style=\"font-size: 12pt;\"><strong>26\u00a0<\/strong>Reorganizacja Ampli przynosi pozytywne efekty<\/span><br \/>\n<span style=\"font-size: 12pt;\"><strong>26\u00a0<\/strong>EBI wspiera modernizacj\u0119 sieci energetycznych Enei<\/span><br \/>\n<span style=\"font-size: 12pt;\"><strong>27\u00a0<\/strong>APS wdro\u017cy\u0142o system zarz\u0105dzania<\/span><br \/>\n<span style=\"font-size: 12pt;\"><strong>27\u00a0<\/strong>ABB rozpoczyna produkcj\u0119 robot\u00f3w w USA<\/span><br \/>\n<span style=\"font-size: 12pt;\"><strong>28\u00a0<\/strong>Eltel zamontuje kolejne smart liczniki w Norwegii<\/span><br \/>\n<span style=\"font-size: 12pt;\"><strong>28\u00a0<\/strong>Scania testuje elektryczne ci\u0119\u017car\u00f3wki na drogach<\/span><\/p>\n<p><span style=\"font-size: 12pt;\"><strong><span style=\"color: #ffffff; background-color: #ed1c24;\">\u00a0ELEKTROPRODUKT ROKU\u00a0<\/span><br \/>\n<\/strong><strong>30\u00a0ELEKTROPRODUKT 2015 roku:<\/strong> <strong>lista zg\u0142oszonych produkt\u00f3w<\/strong><\/span><\/p>\n<p><span style=\"font-size: 12pt;\"><strong style=\"font-size: 12pt;\"><span style=\"background-color: #00a2a4;\"><strong>\u00a0<span style=\"color: #ffffff;\">OSPRZ\u0118T INSTALACYJNY<\/span>\u00a0<\/strong><\/span><br \/>\n<\/strong><b>48<\/b>\u00a0System rur os\u0142onowych Adaptaflex firmy ABB<\/span><br \/>\n<span style=\"font-size: 12pt;\"><b>52<\/b>\u00a0\u0141\u0105czniki dotykowe Touchme firmy Simet<\/span><br \/>\n<span style=\"font-size: 12pt;\"><b>56<\/b>\u00a0Modu\u0142owy osprz\u0119t Vimar z oferty firmy Astat<\/span><\/p>\n<p><span style=\"font-size: 12pt;\"><strong><span style=\"color: #ffffff; background-color: #c74a46;\">\u00a0KABLE I PRZEWODY\u00a0<\/span><br \/>\n<\/strong><b>59<\/b>\u00a0Produkty Lapp Kabel w zak\u0142adzie przetw\u00f3rstwa mi\u0119sneg<\/span><\/p>\n<p><span style=\"font-size: 12pt;\"><strong style=\"font-size: 12pt;\"><span style=\"color: #ffffff; background-color: #034ea2;\">\u00a0SYSTEMY OCHRONY\u00a0<\/span><br \/>\n<\/strong><b style=\"font-size: 12pt;\">62<\/b>\u00a0Czujniki tlenku w\u0119gla i gazu w ofercie Zamel<br \/>\n<\/span><br \/>\n<span style=\"font-size: 12pt;\"><strong style=\"font-size: 12pt;\"><span style=\"background-color: #fcd800;\"><strong>\u00a0<span style=\"color: #ffffff;\">TECHNIKA \u015aWIETLNA<\/span>\u00a0<\/strong><\/span><br \/>\n<\/strong><b>64<\/b>\u00a0Listwy o\u015bwietlenia akcentuj\u0105cego LED firmy Verbatim<\/span><br \/>\n<span style=\"font-size: 12pt;\"> <b>66<\/b>\u00a0Projektory na szyn\u0119 firmy Kanlux<br \/>\n<\/span><br \/>\n<span style=\"font-size: 12pt;\"><strong style=\"font-size: 12pt;\"><span style=\"background-color: #a54686;\"><strong>\u00a0<span style=\"color: #ffffff;\">ROZDZIA\u0141 ENERGII<\/span>\u00a0<\/strong><\/span><br \/>\n<\/strong><b>69<\/b>\u00a0System rozdzielnic Sivacon S4 w \u015bwietle nowej normy PN-EN 61439<\/span><br \/>\n<span style=\"font-size: 12pt;\"> <b>70<\/b>\u00a0Wp\u0142yw nowej normy PN-EN 61439 na dob\u00f3r wy\u0142\u0105cznik\u00f3w niskiego napi\u0119cia<\/span><\/p>\n<p>&nbsp;<\/p>\n<p><span style=\"font-size: 12pt;\"><strong><span style=\"color: #ffffff; background-color: #b191af;\">\u00a0PRZETARGI I INWESTYCJE\u00a0<\/span><br \/>\n<\/strong><b>73<\/b>\u00a0Planowane inwestycje<\/span><br \/>\n<span style=\"font-size: 12pt;\"><b>76<\/b>\u00a0Oferty, zlecenia os\u00f3b i firm prywatnych<\/span><br \/>\n<span style=\"font-size: 12pt;\"><b>78<\/b>\u00a0Przetargi w bran\u017cy elektrotechnicznej i energetycznej<\/span><\/p>\n<p><span style=\"font-size: 12pt;\"><strong><span style=\"background-color: #ff0000; color: #ffffff;\">\u00a0WYDARZENIA\u00a0<em><br \/>\n<\/em><\/span><b>87<\/b>\u00a0<\/strong>Relacje z targ\u00f3w, wydarze\u00f1, spotka\u0144\u00a0bran\u017cowych<strong><br \/>\n<\/strong><\/span><\/p>\n<h4><span style=\"font-size: 12pt;\"><strong>Dodatek:\u00a0&#8220;OSPRZ\u0118T INSTALACYJNY&#8221;<\/strong><\/span><\/h4>\n<p><span style=\"font-size: 12pt;\"><a href=\"http:\/\/elektrosystemy.home.pl\/ES2\/wp-content\/uploads\/2015\/07\/02\/Okladka_OI_07_2015.jpg\"><img loading=\"lazy\" class=\" wp-image-9346 size-medium alignleft\" src=\"http:\/\/elektrosystemy.home.pl\/ES2\/wp-content\/uploads\/2015\/07\/02\/Okladka_OI_07_2015-200x300.jpg\" alt=\"\" width=\"200\" height=\"300\" srcset=\"https:\/\/elektrosystemy.pl\/wp-content\/uploads\/2015\/07\/02\/Okladka_OI_07_2015-200x300.jpg 200w, https:\/\/elektrosystemy.pl\/wp-content\/uploads\/2015\/07\/02\/Okladka_OI_07_2015.jpg 500w\" sizes=\"(max-width: 200px) 100vw, 200px\" \/><\/a><strong style=\"font-size: 12pt;\">\u00a04<\/strong> Rynek osprz\u0119tu instalacyjnego pozostanie na \u015bcie\u017cce wzrostu<\/span><br \/>\n<span style=\"font-size: 12pt;\"> <b>12<\/b>\u00a0Sposoby prowadzenia przewod\u00f3w i kabli<\/span><br \/>\n<span style=\"font-size: 12pt;\"><b>18<\/b>\u00a0Obudowy rozdzielnic nn \u2013 przegl\u0105d oferty rynkowej<\/span><br \/>\n<span style=\"font-size: 12pt;\"> <b>22<\/b>\u00a0Puszki elektroinstalacyjne bezhalogenowe<\/span><\/p>\n<p>&nbsp;<\/p>\n","protected":false},"excerpt":{"rendered":"<p>\u00a0AKTUALNO\u015aCI 14\u00a0Indeks koniunktury ELEKTROSYSTEM\u00d3W Maj kolejnym miesi\u0105cem du\u017cych zwy\u017cek 16\u00a0Gie\u0142dowy Indeks ELEKTROSYSTEM\u00d3W Du\u017ce spadki bran\u017cy na gie\u0142dzie 18\u00a0Produkcja wybranych artyku\u0142\u00f3w elektrotechnicznych \u2013 IV 2015 19\u00a0Kaczmarek Electric kontynuuje rozw\u00f3j sieci 20\u00a0Noble Securities przewiduje dynamiczny rozw\u00f3j Sonela\u00a0 21\u00a0PIGE stawia na eksport i jako\u015b\u0107 polskich produkt\u00f3w 22\u00a0Ro\u015bnie zainteresowanie ETIM w Polsce i Europie 23\u00a0Bran\u017ca ma now\u0105 organizacj\u0119 \u2013&hellip;<\/p>\n","protected":false},"author":3,"featured_media":0,"parent":4204,"menu_order":7,"comment_status":"closed","ping_status":"closed","template":"","meta":[],"_links":{"self":[{"href":"https:\/\/elektrosystemy.pl\/index.php?rest_route=\/wp\/v2\/pages\/9965"}],"collection":[{"href":"https:\/\/elektrosystemy.pl\/index.php?rest_route=\/wp\/v2\/pages"}],"about":[{"href":"https:\/\/elektrosystemy.pl\/index.php?rest_route=\/wp\/v2\/types\/page"}],"author":[{"embeddable":true,"href":"https:\/\/elektrosystemy.pl\/index.php?rest_route=\/wp\/v2\/users\/3"}],"replies":[{"embeddable":true,"href":"https:\/\/elektrosystemy.pl\/index.php?rest_route=%2Fwp%2Fv2%2Fcomments&post=9965"}],"version-history":[{"count":2,"href":"https:\/\/elektrosystemy.pl\/index.php?rest_route=\/wp\/v2\/pages\/9965\/revisions"}],"predecessor-version":[{"id":21737,"href":"https:\/\/elektrosystemy.pl\/index.php?rest_route=\/wp\/v2\/pages\/9965\/revisions\/21737"}],"up":[{"embeddable":true,"href":"https:\/\/elektrosystemy.pl\/index.php?rest_route=\/wp\/v2\/pages\/4204"}],"wp:attachment":[{"href":"https:\/\/elektrosystemy.pl\/index.php?rest_route=%2Fwp%2Fv2%2Fmedia&parent=9965"}],"curies":[{"name":"wp","href":"https:\/\/api.w.org\/{rel}","templated":true}]}}